{"id":668,"date":"2026-03-16T13:25:38","date_gmt":"2026-03-16T13:25:38","guid":{"rendered":"https:\/\/omnitrust.lu\/?page_id=668"},"modified":"2026-03-27T10:38:44","modified_gmt":"2026-03-27T10:38:44","slug":"mentions-legales","status":"publish","type":"page","link":"https:\/\/www.omnitrust.lu\/fr\/mentions-legales\/","title":{"rendered":"Mentions l\u00e9gales"},"content":{"rendered":"\t\t<div data-elementor-type=\"wp-page\" data-elementor-id=\"668\" class=\"elementor elementor-668\" data-elementor-post-type=\"page\">\n\t\t\t\t<div class=\"elementor-element elementor-element-6d6c3caa e-flex e-con-boxed e-con e-parent\" data-id=\"6d6c3caa\" data-element_type=\"container\" data-e-type=\"container\">\n\t\t\t\t\t<div class=\"e-con-inner\">\n\t\t\t\t<div class=\"elementor-element elementor-element-f8e80ae elementor-widget elementor-widget-heading\" data-id=\"f8e80ae\" data-element_type=\"widget\" data-e-type=\"widget\" data-widget_type=\"heading.default\">\n\t\t\t\t\t<h1 class=\"elementor-heading-title elementor-size-default\"><h1>Conditions g\u00e9n\u00e9rales d'utilisation (CGU) du site<\/h1><\/h1>\t\t\t\t<\/div>\n\t\t\t\t<div class=\"elementor-element elementor-element-36402d39 elementor-widget elementor-widget-text-editor\" data-id=\"36402d39\" data-element_type=\"widget\" data-e-type=\"widget\" data-widget_type=\"text-editor.default\">\n\t\t\t\t\t\t\t\t\t\n<p>Toute personne faisant usage des informations, documents, produits, logiciels et divers services (collectivement les\u00a0<strong>\u00ab\u00a0Services\u00a0\u00bb<\/strong>) propos\u00e9s par le\u00a0Site\u00a0est r\u00e9put\u00e9e avoir pris connaissance et accept\u00e9 l&rsquo;int\u00e9gralit\u00e9 des termes et mentions des pr\u00e9sentes conditions g\u00e9n\u00e9rales d&rsquo;utilisation.<\/p>\n\t\t\t\t\t\t\t\t<\/div>\n\t\t\t\t<div class=\"elementor-element elementor-element-e55dc64 elementor-widget elementor-widget-heading\" data-id=\"e55dc64\" data-element_type=\"widget\" data-e-type=\"widget\" data-widget_type=\"heading.default\">\n\t\t\t\t\t<h2 class=\"elementor-heading-title elementor-size-default\">D\u00e9finitions&nbsp;et objet&nbsp;<\/h2>\t\t\t\t<\/div>\n\t\t\t\t<div class=\"elementor-element elementor-element-6c83316 elementor-widget elementor-widget-text-editor\" data-id=\"6c83316\" data-element_type=\"widget\" data-e-type=\"widget\" data-widget_type=\"text-editor.default\">\n\t\t\t\t\t\t\t\t\t<p>www.omnitrust.lu\u00a0(ci-apr\u00e8s d\u00e9nomm\u00e9 \u00ab\u00a0Site\u00a0\u00bb)\u00a0est un site Internet mis en \u0153uvre par\u00a0la soci\u00e9t\u00e9\u00a0Ominitrust\u00a0(ci-apr\u00e8s d\u00e9nomm\u00e9e\u00a0la\u00a0\u00ab\u00a0Soci\u00e9t\u00e9\u00a0\u00bb) dans le but de\u00a0d\u00e9crire ses activit\u00e9s.<\/p>\n<p><!-- \/wp:paragraph --><!-- wp:paragraph --><\/p>\n<p>\u2022\u00a0Soci\u00e9t\u00e9 propri\u00e9taire du Site\u00a0:<\/p>\n<p><!-- \/wp:paragraph --><!-- wp:paragraph --><\/p>\n<p>o Nom : Omnitrust<\/p>\n<p><!-- \/wp:paragraph --><!-- wp:paragraph --><\/p>\n<p>o\u00a0Statut juridique\u00a0:\u00a0soci\u00e9t\u00e9 anonyme<\/p>\n<p><!-- \/wp:paragraph --><!-- wp:paragraph --><\/p>\n<p>o\u00a0Adresse\u00a0:\u00a023 rue Jean-Jaures, L-1836 Luxembourg<\/p>\n<p><!-- \/wp:paragraph --><!-- wp:paragraph --><\/p>\n<p>o\u00a0T\u00e9l\u00a0:+352 22 66\u00a033 &#8211;\u00a0<\/p>\n<p><!-- \/wp:paragraph --><!-- wp:paragraph --><\/p>\n<p>o E-mail : info@omnitrust.lu<\/p>\n<p><!-- \/wp:paragraph --><!-- wp:paragraph --><\/p>\n<p>o TVA : LU 27504232<\/p>\n<p><!-- \/wp:paragraph --><!-- wp:paragraph --><\/p>\n<p>o RCS : B44531<\/p>\n<p><!-- \/wp:paragraph --><!-- wp:paragraph --><\/p>\n<p>\u2022\u00a0Cr\u00e9ateur\u00a0:\u00a0<\/p>\n<p><!-- \/wp:paragraph --><!-- wp:paragraph --><\/p>\n<p>o Equipe Marketing d&rsquo;OmniTrust<\/p>\n<p><!-- \/wp:paragraph --><!-- wp:paragraph --><\/p>\n<p>\u2022\u00a0H\u00e9bergeur\u00a0:\u00a0<\/p>\n<p><!-- \/wp:paragraph --><!-- wp:paragraph --><\/p>\n<p>o\u00a0Infomaniak\u00a0S.A.\u00a0&#8211;\u00a025,\u00a0Eug\u00e8ne-Marziano\u00a0&#8211; 1227 Les Acacias \u2013 Suisse<\/p>\n<p><!-- \/wp:paragraph --><!-- wp:paragraph --><\/p>\n<p>\u2022\u00a0Webmaster\u00a0:\u00a0Talk2U\u00a0s\u00e0rl<\/p>\n<p><!-- \/wp:paragraph --><!-- wp:paragraph --><\/p>\n<p>\u2022\u00a0Responsable de publication\u00a0:\u00a0Aurore Calvi,\u00a0Managing\u00a0Director<\/p>\n<p><!-- \/wp:paragraph --><\/p>\t\t\t\t\t\t\t\t<\/div>\n\t\t\t\t<div class=\"elementor-element elementor-element-e58d5b3 elementor-widget elementor-widget-heading\" data-id=\"e58d5b3\" data-element_type=\"widget\" data-e-type=\"widget\" data-widget_type=\"heading.default\">\n\t\t\t\t\t<h2 class=\"elementor-heading-title elementor-size-default\">Obligations de l'usager<\/h2>\t\t\t\t<\/div>\n\t\t\t\t<div class=\"elementor-element elementor-element-3ebb280 elementor-widget elementor-widget-text-editor\" data-id=\"3ebb280\" data-element_type=\"widget\" data-e-type=\"widget\" data-widget_type=\"text-editor.default\">\n\t\t\t\t\t\t\t\t\t<p><!-- wp:heading {\"level\":1} --><\/p>\n<p>L&rsquo;acc\u00e8s au\u00a0Site\u00a0se fait par Internet. L&rsquo;usager d\u00e9clare en conna\u00eetre les risques et les accepter. Il doit se pr\u00e9munir contre les effets de la piraterie informatique en adoptant une configuration informatique adapt\u00e9e et s\u00e9curis\u00e9e.<\/p>\n<p><!-- \/wp:paragraph --><!-- wp:paragraph --><\/p>\n<p>La Soci\u00e9t\u00e9\u00a0ne saurait \u00eatre tenue\u00a0pour responsable d&rsquo;un quelconque dommage que l&rsquo;usager subirait directement ou indirectement en relation avec sa navigation sur le\u00a0Site\u00a0et l&rsquo;utilisation de ses services ainsi que les sites Internet auxquels il renvoie.<\/p>\n<p><!-- \/wp:paragraph --><\/p>\t\t\t\t\t\t\t\t<\/div>\n\t\t\t\t<div class=\"elementor-element elementor-element-bbbb7ef elementor-widget elementor-widget-heading\" data-id=\"bbbb7ef\" data-element_type=\"widget\" data-e-type=\"widget\" data-widget_type=\"heading.default\">\n\t\t\t\t\t<h2 class=\"elementor-heading-title elementor-size-default\">Gestion des cookies<\/h2>\t\t\t\t<\/div>\n\t\t\t\t<div class=\"elementor-element elementor-element-89c630e elementor-widget elementor-widget-text-editor\" data-id=\"89c630e\" data-element_type=\"widget\" data-e-type=\"widget\" data-widget_type=\"text-editor.default\">\n\t\t\t\t\t\t\t\t\t<p>Le Site\u00a0utilise des cookies clients, des petits fichiers texte, pour permettre\u00a0d&rsquo;analyser les informations relatives \u00e0 la navigation de l&rsquo;utilisateur (cookies\u00a0de tra\u00e7age via Google Analytics\u00a0:\u00a0fr\u00e9quences des visites, dur\u00e9e des visites, pages consult\u00e9es, pr\u00e9f\u00e9rences linguistiques,\u00a0statistiques,\u00a0etc.)\u00a0et\u00a0fournir \u00e0 l\u2019utilisateur une meilleure exp\u00e9rience de navigation\u00a0(cookies fonctionnels\u00a0n\u00e9cessaires au bon fonctionnement du Site).\u00a0Les cookies\u00a0sont d\u00e9pos\u00e9s par\u00a0le Site\u00a0dans un r\u00e9pertoire pr\u00e9vu \u00e0 cet effet sur l&rsquo;ordinateur de l&rsquo;utilisateur.\u00a0Ils\u00a0peuvent aussi \u00eatre install\u00e9s par des tiers avec lesquels la Soci\u00e9t\u00e9 collabore.\u00a0Ils contiennent notamment le nom du serveur qui l&rsquo;a \u00e9crit, un identifiant sous forme de num\u00e9ro unique et une date d&rsquo;expiration. L&rsquo;identifiant unique permet\u00a0au Site\u00a0de reconna\u00eetre l&rsquo;ordinateur de l&rsquo;utilisateur \u00e0 chaque visite. Les cookies de session sont supprim\u00e9s de l&rsquo;ordinateur de l&rsquo;utilisateur lorsque sa session est ferm\u00e9e. Toutefois les cookies persistants restent sur l&rsquo;ordinateur de l&rsquo;utilisateur\u00a012\u00a0mois\u00a0apr\u00e8s la fin de la session.<\/p>\n<p>L&rsquo;utilisateur peut lui-m\u00eame d\u00e9cider si le serveur web du\u00a0Site\u00a0est autoris\u00e9 ou non \u00e0 m\u00e9moriser des cookies sur son ordinateur. Il a, \u00e0 tout moment, le choix de r\u00e9gler les options de son navigateur afin que les cookies\u00a0ne soient accept\u00e9s et m\u00e9moris\u00e9s. Par ailleurs, il peut, \u00e0 tout moment, effacer, via le navigateur, des cookies d\u00e9j\u00e0 m\u00e9moris\u00e9s.<\/p>\n<p><!-- \/wp:paragraph --><!-- wp:paragraph --><!-- \/wp:paragraph --><!-- wp:paragraph --><\/p>\n<p>L&rsquo;utilisation de certaines fonctionnalit\u00e9s du\u00a0Site\u00a0peut \u00eatre limit\u00e9e ou d\u00e9sactiv\u00e9e si l&rsquo;utilisateur refuse les cookies du site. Il est d\u00e8s lors recommand\u00e9 \u00e0 l&rsquo;utilisateur de r\u00e9gler son navigateur\u00a0de mani\u00e8re \u00e0 ce\u00a0que les cookies du\u00a0Site soient accept\u00e9s.<\/p>\n<p><!-- \/wp:paragraph --><\/p>\t\t\t\t\t\t\t\t<\/div>\n\t\t\t\t<div class=\"elementor-element elementor-element-7f8353d elementor-widget elementor-widget-heading\" data-id=\"7f8353d\" data-element_type=\"widget\" data-e-type=\"widget\" data-widget_type=\"heading.default\">\n\t\t\t\t\t<h2 class=\"elementor-heading-title elementor-size-default\">Modification du\u00a0Site<\/h2>\t\t\t\t<\/div>\n\t\t\t\t<div class=\"elementor-element elementor-element-c238e11 elementor-widget elementor-widget-text-editor\" data-id=\"c238e11\" data-element_type=\"widget\" data-e-type=\"widget\" data-widget_type=\"text-editor.default\">\n\t\t\t\t\t\t\t\t\t<p>La Soci\u00e9t\u00e9\u00a0se r\u00e9serve la libert\u00e9 de faire \u00e9voluer, de modifier ou de suspendre, sans pr\u00e9avis, le\u00a0Site\u00a0pour des raisons de maintenance, de mise \u00e0 jour ou pour tout autre motif jug\u00e9 n\u00e9cessaire.\u00a0La Soci\u00e9t\u00e9\u00a0pourra notamment \u00e0 tout moment retirer, ajouter, compl\u00e9ter ou pr\u00e9ciser tout ou une partie des informations et services contenus ou propos\u00e9s sur le\u00a0Site. Aucune responsabilit\u00e9 pour un quelconque dommage direct ou indirect en relation avec de telles modifications ne pourra \u00eatre retenue \u00e0 l&rsquo;encontre de\u00a0la Soci\u00e9t\u00e9.<\/p>\n<p><!-- \/wp:paragraph --><\/p>\t\t\t\t\t\t\t\t<\/div>\n\t\t\t\t<div class=\"elementor-element elementor-element-4871d9c elementor-widget elementor-widget-heading\" data-id=\"4871d9c\" data-element_type=\"widget\" data-e-type=\"widget\" data-widget_type=\"heading.default\">\n\t\t\t\t\t<h2 class=\"elementor-heading-title elementor-size-default\">Limite de responsabilit\u00e9\u00a0<\/h2>\t\t\t\t<\/div>\n\t\t\t\t<div class=\"elementor-element elementor-element-df1de93 elementor-widget elementor-widget-text-editor\" data-id=\"df1de93\" data-element_type=\"widget\" data-e-type=\"widget\" data-widget_type=\"text-editor.default\">\n\t\t\t\t\t\t\t\t\t<!-- wp:heading {\"level\":1} --><!-- \/wp:paragraph --><!-- wp:heading --><!-- \/wp:heading --><!-- wp:paragraph --><!-- \/wp:paragraph --><!-- wp:heading --><!-- \/wp:heading --><!-- wp:paragraph --><!-- \/wp:paragraph --><!-- wp:heading --><!-- \/wp:heading --><!-- wp:paragraph -->\n<p>La Soci\u00e9t\u00e9\u00a0assurera au mieux une disponibilit\u00e9 maximale du\u00a0Site. Toutefois, sa responsabilit\u00e9 ne saurait \u00eatre retenue en cas d&rsquo;indisponibilit\u00e9 momentan\u00e9e ou totale du\u00a0Site.<\/p>\n<p><!-- \/wp:paragraph --><!-- wp:paragraph --><\/p>\n<p>La Soci\u00e9t\u00e9\u00a0assurera au mieux la s\u00e9curit\u00e9 du syst\u00e8me informatique.<\/p>\n<p><!-- \/wp:paragraph --><!-- wp:paragraph --><\/p>\n<p>La Soci\u00e9t\u00e9\u00a0assurera au mieux l&rsquo;exactitude des informations ou Services contenus sur le\u00a0Site, publi\u00e9s sur les r\u00e9seaux sociaux ainsi que des conseils et informations fournis par le\u00a0Site. Cependant, sa responsabilit\u00e9 ne saurait \u00eatre retenue notamment, en cas d&rsquo;omission de mise \u00e0 jour d&rsquo;une information ou d&rsquo;un formulaire, en cas d&rsquo;erreurs de manipulation du syst\u00e8me ou d&rsquo;encodage, d&rsquo;inexactitudes, de lacunes dans les informations fournies ou d&rsquo;\u00e9ventuelles erreurs, inexactitudes ou omissions dans les r\u00e9ponses donn\u00e9es par le\u00a0Site. En effet, l&rsquo;objectif est de diffuser des informations exactes et \u00e0 jour provenant de diverses sources mais\u00a0La Soci\u00e9t\u00e9\u00a0ne saurait toutefois \u00e9viter tout risque d&rsquo;erreur mat\u00e9rielle. Aucune des informations publi\u00e9es sur le\u00a0Site\u00a0ou fournies par le\u00a0Site\u00a0en r\u00e9ponse \u00e0 une demande individuelle n&rsquo;a une vocation d&rsquo;exhaustivit\u00e9 ou constitue un engagement de la part de\u00a0La Soci\u00e9t\u00e9. Les vulgarisations et traductions sont propos\u00e9es \u00e0 titre informatif. Les informations qui figurent sur le\u00a0Site\u00a0sont de nature g\u00e9n\u00e9rale. Les informations ne sont pas adapt\u00e9es \u00e0 des circonstances personnelles ou sp\u00e9cifiques et ne peuvent donc pas \u00eatre consid\u00e9r\u00e9es comme des conseils personnels, professionnels ou juridiques \u00e0 l&rsquo;usager.\u00a0<\/p>\n<p><!-- \/wp:paragraph --><!-- wp:paragraph --><\/p>\n<p>La responsabilit\u00e9\u00a0du\u00a0Site\u00a0est express\u00e9ment exclue pour toutes les cons\u00e9quences directes et indirectes :<\/p>\n<p><!-- \/wp:paragraph --><!-- wp:paragraph --><\/p>\n<p>\u2022\u00a0Du\u00a0d\u00e9faut de compatibilit\u00e9 entre le service offert et les \u00e9quipements, applications, proc\u00e9dures ou infrastructures de l&rsquo;usager ou de tiers ;<\/p>\n<p><!-- \/wp:paragraph --><!-- wp:paragraph --><\/p>\n<p>\u2022\u00a0D\u2019une\u00a0faille de s\u00e9curit\u00e9 provenant de l&rsquo;usager ou d&rsquo;un tiers et plus g\u00e9n\u00e9ralement, de toute faille de s\u00e9curit\u00e9 non directement imputable\u00a0au\u00a0Site\u00a0;<\/p>\n<p><!-- \/wp:paragraph --><!-- wp:paragraph --><\/p>\n<p>\u2022\u00a0Des\u00a0cons\u00e9quences des erreurs et\/ou des fraudes commises par l&rsquo;usager ou un tiers ;<\/p>\n<p><!-- \/wp:paragraph --><!-- wp:paragraph --><\/p>\n<p>\u2022\u00a0D\u2019une\u00a0\u00e9ventuelle indisponibilit\u00e9 ou d&rsquo;un mauvais fonctionnement des syst\u00e8mes ou r\u00e9seaux de communications \u00e9lectroniques.<\/p>\n<p><!-- \/wp:paragraph --><!-- wp:paragraph --><\/p>\n<p>Les donn\u00e9es transmises\u00a0\u00e0 des tiers\u00a0via des formulaires t\u00e9l\u00e9chargeables sur\u00a0le Site, restent de la responsabilit\u00e9 de l&rsquo;usager et de celle du destinataire d\u00e8s lors que les donn\u00e9es ont \u00e9t\u00e9 transmises.<\/p>\n<p><!-- \/wp:paragraph --><!-- wp:paragraph --><\/p>\n<p>La Soci\u00e9t\u00e9\u00a0se r\u00e9serve le droit de r\u00e9silier, sans pr\u00e9avis, ni indemnit\u00e9 d&rsquo;aucune sorte, l&rsquo;acc\u00e8s \u00e0 tout espace personnel\u00a0sur le\u00a0Site\u00a0faisant l&rsquo;objet d&rsquo;une utilisation illicite ou frauduleuse.<\/p>\n<p><!-- \/wp:paragraph --><!-- wp:paragraph --><\/p>\n<p>La Soci\u00e9t\u00e9\u00a0se r\u00e9serve encore tous droits et notamment celui de refuser, supprimer ou restreindre, sans pr\u00e9avis, ni indemnit\u00e9 d&rsquo;aucune sorte, l&rsquo;acc\u00e8s\u00a0au\u00a0Site\u00a0ainsi qu&rsquo;\u00e0 ses services \u00e0 toute personne, physique ou morale, faisant un usage abusif, illicite ou frauduleux de ces services.<\/p>\n<p><!-- \/wp:paragraph --><!-- wp:paragraph --><\/p>\n<p>La Soci\u00e9t\u00e9 ne peut \u00eatre tenue responsable pour avoir collect\u00e9 et trait\u00e9 des informations et donn\u00e9es personnelles de mineurs de moins de 16 ans dont le consentement n\u2019est pas effectivement couvert par celui de leurs\u00a0repr\u00e9sentants l\u00e9gaux ou pour des donn\u00e9es incorrectes -notamment concernant l\u2019\u00e2ge- introduites par des mineurs. En aucun cas, des donn\u00e9es personnelles ne seront trait\u00e9es par le Responsable de traitement si l\u2019usager pr\u00e9cise qu\u2019il est \u00e2g\u00e9 de moins de 16 ans.<\/p>\n<!-- \/wp:paragraph -->\t\t\t\t\t\t\t\t<\/div>\n\t\t\t\t<div class=\"elementor-element elementor-element-7b16dd7 elementor-widget elementor-widget-heading\" data-id=\"7b16dd7\" data-element_type=\"widget\" data-e-type=\"widget\" data-widget_type=\"heading.default\">\n\t\t\t\t\t<h2 class=\"elementor-heading-title elementor-size-default\">Liens vers sites li\u00e9s<\/h2>\t\t\t\t<\/div>\n\t\t\t\t<div class=\"elementor-element elementor-element-2bd8c12 elementor-widget elementor-widget-text-editor\" data-id=\"2bd8c12\" data-element_type=\"widget\" data-e-type=\"widget\" data-widget_type=\"text-editor.default\">\n\t\t\t\t\t\t\t\t\t<!-- wp:heading {\"level\":1} --><!-- \/wp:paragraph --><!-- wp:heading --><!-- \/wp:heading --><!-- wp:paragraph --><!-- \/wp:paragraph --><!-- wp:heading --><!-- \/wp:heading --><!-- wp:paragraph --><!-- \/wp:paragraph --><!-- wp:heading --><!-- \/wp:heading --><!-- wp:paragraph -->\n<p>Pour la convenance des usagers, le\u00a0Site\u00a0peut contenir des liens vers d&rsquo;autres sites qui peuvent leur \u00eatre utiles ou qui peuvent les int\u00e9resser.\u00a0La Soci\u00e9t\u00e9\u00a0ne contr\u00f4le pas syst\u00e9matiquement le contenu de ces sites.\u00a0Elle\u00a0ne saurait d\u00e8s lors \u00eatre tenue\u00a0responsable des contenus pr\u00e9sent\u00e9s sur ces sites Internet et ce, que ce soit au niveau de leur l\u00e9galit\u00e9 ou de l&rsquo;exactitude des informations qui s&rsquo;y trouvent.<\/p>\n<!-- \/wp:paragraph -->\t\t\t\t\t\t\t\t<\/div>\n\t\t\t\t<div class=\"elementor-element elementor-element-da282a3 elementor-widget elementor-widget-heading\" data-id=\"da282a3\" data-element_type=\"widget\" data-e-type=\"widget\" data-widget_type=\"heading.default\">\n\t\t\t\t\t<h2 class=\"elementor-heading-title elementor-size-default\">Propri\u00e9t\u00e9 intellectuelle<\/h2>\t\t\t\t<\/div>\n\t\t\t\t<div class=\"elementor-element elementor-element-4517dd0 elementor-widget elementor-widget-text-editor\" data-id=\"4517dd0\" data-element_type=\"widget\" data-e-type=\"widget\" data-widget_type=\"text-editor.default\">\n\t\t\t\t\t\t\t\t\t<!-- wp:heading {\"level\":1} --><!-- \/wp:paragraph --><!-- wp:heading --><!-- \/wp:heading --><!-- wp:paragraph --><!-- \/wp:paragraph --><!-- wp:heading --><!-- \/wp:heading --><!-- wp:paragraph --><!-- \/wp:paragraph --><!-- wp:heading --><!-- \/wp:heading --><!-- wp:paragraph -->\n<p>Le\u00a0Site, tous ses \u00e9l\u00e9ments (y compris la mise en page) ainsi que les informations et Services sont prot\u00e9g\u00e9s par les lois sur la propri\u00e9t\u00e9 intellectuelle et sur les droits d&rsquo;auteur.<\/p>\n<!-- \/wp:paragraph --><!-- wp:paragraph -->\n<p>Sauf indication contraire,\u00a0la Soci\u00e9t\u00e9\u00a0n&rsquo;accorde aucune licence ou autorisation relative aux droits de propri\u00e9t\u00e9 intellectuelle qu&rsquo;elle\u00a0a sur le\u00a0Site, ses \u00e9l\u00e9ments ou les Services. De plus, aucune reproduction des informations ou Services, totale ou partielle, sous quelque forme que ce soit et par quelque moyen que ce soit, n&rsquo;est permise sans l&rsquo;autorisation \u00e9crite pr\u00e9alable de la Soci\u00e9t\u00e9.<\/p>\n<!-- \/wp:paragraph --><!-- wp:paragraph -->\n<p>Sauf indication contraire, l&rsquo;usager est autoris\u00e9 \u00e0 consulter, t\u00e9l\u00e9charger et imprimer les documents et informations disponibles aux conditions suivantes :<\/p>\n<!-- \/wp:paragraph --><!-- wp:paragraph -->\n<p>\u2022\u00a0Les documents ne peuvent \u00eatre utilis\u00e9s qu&rsquo;\u00e0 titre personnel, pour information et dans un cadre strictement priv\u00e9 ;<\/p>\n<!-- \/wp:paragraph --><!-- wp:paragraph -->\n<p>\u2022\u00a0Les documents et informations ne peuvent \u00eatre modifi\u00e9s de quelque mani\u00e8re que ce soit ;<\/p>\n<!-- \/wp:paragraph --><!-- wp:paragraph -->\n<p>\u2022\u00a0Les documents et informations ne peuvent \u00eatre diffus\u00e9s en dehors du\u00a0Site.<\/p>\n<!-- \/wp:paragraph --><!-- wp:paragraph -->\n<p>Les droits qui sont implicitement ou explicitement accord\u00e9s\u00a0\u00e0 l\u2019usager\u00a0ci-dessus constituent une autorisation d&rsquo;utilisation et en aucun cas une cession de droits, de propri\u00e9t\u00e9 ou autre,\u00a0relatifs au\u00a0Site.<\/p>\n<!-- \/wp:paragraph --><!-- wp:heading -->\n<p>\u00a0<\/p>\n<!-- \/wp:paragraph -->\t\t\t\t\t\t\t\t<\/div>\n\t\t\t\t<div class=\"elementor-element elementor-element-1ff2f11 elementor-widget elementor-widget-heading\" data-id=\"1ff2f11\" data-element_type=\"widget\" data-e-type=\"widget\" data-widget_type=\"heading.default\">\n\t\t\t\t\t<h2 class=\"elementor-heading-title elementor-size-default\">Modification des conditions g\u00e9n\u00e9rales d'utilisation<\/h2>\t\t\t\t<\/div>\n\t\t\t\t<div class=\"elementor-element elementor-element-a2f5d28 elementor-widget elementor-widget-text-editor\" data-id=\"a2f5d28\" data-element_type=\"widget\" data-e-type=\"widget\" data-widget_type=\"text-editor.default\">\n\t\t\t\t\t\t\t\t\t<!-- wp:heading {\"level\":1} --><!-- \/wp:paragraph --><!-- wp:heading --><!-- \/wp:heading --><!-- wp:paragraph --><!-- \/wp:paragraph --><!-- wp:heading --><!-- \/wp:heading --><!-- wp:paragraph --><!-- \/wp:paragraph --><!-- wp:heading --><!-- \/wp:heading --><!-- wp:paragraph -->\n<p class=\"wp-block-heading\">Les pr\u00e9sentes conditions g\u00e9n\u00e9rales d&rsquo;utilisation pourront \u00eatre modifi\u00e9es ou compl\u00e9t\u00e9es \u00e0 tout moment, sans pr\u00e9avis, en fonction des modifications apport\u00e9es au\u00a0Site, de l&rsquo;\u00e9volution de la l\u00e9gislation ou pour tout autre motif jug\u00e9 n\u00e9cessaire. Il appartient \u00e0 l&rsquo;usager de s&rsquo;informer des conditions g\u00e9n\u00e9rales d&rsquo;utilisation du\u00a0Site, dont seule la version actualis\u00e9e accessible en ligne est r\u00e9put\u00e9e en vigueur. Il est possible qu&rsquo;entre deux utilisations du\u00a0Site, les conditions g\u00e9n\u00e9rales d&rsquo;utilisation particuli\u00e8res soient modifi\u00e9es et il appartient, d\u00e8s lors, \u00e0 l&rsquo;usager de bien lire ces derni\u00e8res avant chaque nouvelle utilisation.<\/p>\n<!-- \/wp:paragraph -->\t\t\t\t\t\t\t\t<\/div>\n\t\t\t\t<div class=\"elementor-element elementor-element-ba59791 elementor-widget elementor-widget-heading\" data-id=\"ba59791\" data-element_type=\"widget\" data-e-type=\"widget\" data-widget_type=\"heading.default\">\n\t\t\t\t\t<h2 class=\"elementor-heading-title elementor-size-default\">Loi applicable et juridictions comp\u00e9tentes<\/h2>\t\t\t\t<\/div>\n\t\t\t\t<div class=\"elementor-element elementor-element-5107687 elementor-widget elementor-widget-text-editor\" data-id=\"5107687\" data-element_type=\"widget\" data-e-type=\"widget\" data-widget_type=\"text-editor.default\">\n\t\t\t\t\t\t\t\t\t<!-- wp:heading {\"level\":1} --><!-- \/wp:paragraph --><!-- wp:heading --><!-- \/wp:heading --><!-- wp:paragraph --><!-- \/wp:paragraph --><!-- wp:heading --><!-- \/wp:heading --><!-- wp:paragraph --><!-- \/wp:paragraph --><!-- wp:heading --><!-- \/wp:heading --><!-- wp:paragraph -->\n<p class=\"wp-block-heading\">Tout litige relatif \u00e0 l&rsquo;utilisation du\u00a0Site\u00a0et ses Services sera soumis \u00e0 la loi luxembourgeoise et sera de la comp\u00e9tence exclusive des juridictions du Grand-Duch\u00e9 de Luxembourg.<\/p>\n<!-- \/wp:paragraph -->\t\t\t\t\t\t\t\t<\/div>\n\t\t\t\t<div class=\"elementor-element elementor-element-df781bd elementor-widget elementor-widget-heading\" data-id=\"df781bd\" data-element_type=\"widget\" data-e-type=\"widget\" data-widget_type=\"heading.default\">\n\t\t\t\t\t<h2 class=\"elementor-heading-title elementor-size-default\">Conditions d'utilisation propres au service\u00a0myomnitrust\u00a0sur le\u00a0Site<\/h2>\t\t\t\t<\/div>\n\t\t\t\t<div class=\"elementor-element elementor-element-2d01c39 elementor-widget elementor-widget-text-editor\" data-id=\"2d01c39\" data-element_type=\"widget\" data-e-type=\"widget\" data-widget_type=\"text-editor.default\">\n\t\t\t\t\t\t\t\t\t<!-- wp:heading {\"level\":1} --><!-- \/wp:paragraph --><!-- wp:heading --><!-- \/wp:heading --><!-- wp:paragraph --><!-- \/wp:paragraph --><!-- wp:heading --><!-- \/wp:heading --><!-- wp:paragraph --><!-- \/wp:paragraph --><!-- wp:heading --><!-- \/wp:heading --><!-- wp:paragraph -->\n<p>Le\u00a0Service\u00a0disponible \u00e0 partir du\u00a0Site\u00a0permet\u00a0aux clients de la Soci\u00e9t\u00e9 d\u2019acc\u00e9der aux informations mises \u00e0 leur disposition dans un espace \u00e0 acc\u00e8s restreint.<\/p>\n<p class=\"wp-block-heading\"><!-- \/wp:paragraph --><!-- wp:paragraph --><\/p>\n<p>L&rsquo;utilisation du\u00a0Service est gratuite et, sauf disposition l\u00e9gale contraire, facultative.\u00a0<\/p>\n<p class=\"wp-block-heading\"><!-- \/wp:paragraph --><!-- wp:paragraph --><\/p>\n<p>Disponibilit\u00e9 et \u00e9volution du\u00a0Service\u00a0<\/p>\n<p class=\"wp-block-heading\"><!-- \/wp:paragraph --><!-- wp:paragraph --><\/p>\n<p>Le\u00a0Service est en principe disponible 7 jours sur 7, 24 heures sur 24.\u00a0La Soci\u00e9t\u00e9\u00a0se r\u00e9serve toutefois la facult\u00e9 de faire \u00e9voluer, de modifier ou de suspendre, sans pr\u00e9avis, le\u00a0Service pour des raisons de maintenance, d&rsquo;incidents physiques ou techniques ou pour tout autre motif jug\u00e9 n\u00e9cessaire. L&rsquo;indisponibilit\u00e9 du\u00a0Service ne donne droit \u00e0 l&rsquo;usager \u00e0 aucune indemnit\u00e9. Si l&rsquo;usager devait ne pas respecter un d\u00e9lai en raison de l&rsquo;indisponibilit\u00e9 momentan\u00e9e du\u00a0Site\u00a0et\/ou du\u00a0Service, la responsabilit\u00e9 de\u00a0la Soci\u00e9t\u00e9\u00a0ne saurait en aucun cas \u00eatre engag\u00e9e. Aucune responsabilit\u00e9 pour un quelconque dommage direct ou indirect en relation avec des \u00e9volutions ou modifications du Service\u00a0ne pourra \u00eatre retenue \u00e0 l&rsquo;encontre de\u00a0la Soci\u00e9t\u00e9.<\/p>\n<!-- \/wp:paragraph -->\t\t\t\t\t\t\t\t<\/div>\n\t\t\t\t<div class=\"elementor-element elementor-element-20cfa08 elementor-widget elementor-widget-heading\" data-id=\"20cfa08\" data-element_type=\"widget\" data-e-type=\"widget\" data-widget_type=\"heading.default\">\n\t\t\t\t\t<h2 class=\"elementor-heading-title elementor-size-default\">Obligations de l'usager<\/h2>\t\t\t\t<\/div>\n\t\t\t\t<div class=\"elementor-element elementor-element-96cf993 elementor-widget elementor-widget-text-editor\" data-id=\"96cf993\" data-element_type=\"widget\" data-e-type=\"widget\" data-widget_type=\"text-editor.default\">\n\t\t\t\t\t\t\t\t\t<!-- wp:heading {\"level\":1} --><!-- \/wp:paragraph --><!-- wp:heading --><!-- \/wp:heading --><!-- wp:paragraph --><!-- \/wp:paragraph --><!-- wp:heading --><!-- \/wp:heading --><!-- wp:paragraph --><!-- \/wp:paragraph --><!-- wp:heading --><!-- \/wp:heading --><!-- wp:paragraph -->\n<p>L&rsquo;acc\u00e8s au\u00a0Service se fait par Internet.\u00a0La Soci\u00e9t\u00e9\u00a0assurera\u00a0au mieux la s\u00e9curit\u00e9 du syst\u00e8me informatique. L&rsquo;usager d\u00e9clare en conna\u00eetre les risques et les accepter. Il doit se pr\u00e9munir contre les effets de la piraterie informatique en adoptant une configuration informatique adapt\u00e9e et s\u00e9curis\u00e9e.\u00a0La Soci\u00e9t\u00e9\u00a0ne saurait \u00eatre tenu pour responsable d&rsquo;un quelconque dommage que l&rsquo;usager subirait directement ou indirectement en relation avec sa navigation sur le\u00a0Site\u00a0et\/ou l&rsquo;utilisation du\u00a0Service.<\/p>\n<!-- \/wp:paragraph -->\t\t\t\t\t\t\t\t<\/div>\n\t\t\t\t<div class=\"elementor-element elementor-element-2734fb0 elementor-widget elementor-widget-heading\" data-id=\"2734fb0\" data-element_type=\"widget\" data-e-type=\"widget\" data-widget_type=\"heading.default\">\n\t\t\t\t\t<h2 class=\"elementor-heading-title elementor-size-default\">Modification des conditions d'utilisation propres au\u00a0Service<\/h2>\t\t\t\t<\/div>\n\t\t\t\t<div class=\"elementor-element elementor-element-ade8f32 elementor-widget elementor-widget-text-editor\" data-id=\"ade8f32\" data-element_type=\"widget\" data-e-type=\"widget\" data-widget_type=\"text-editor.default\">\n\t\t\t\t\t\t\t\t\t<!-- wp:heading {\"level\":1} --><!-- \/wp:paragraph --><!-- wp:heading --><!-- \/wp:heading --><!-- wp:paragraph --><!-- \/wp:paragraph --><!-- wp:heading --><!-- \/wp:heading --><!-- wp:paragraph --><!-- \/wp:paragraph --><!-- wp:heading --><!-- \/wp:heading --><!-- wp:paragraph -->\n<p>Les pr\u00e9sentes conditions d&rsquo;utilisation pourront \u00eatre modifi\u00e9es ou compl\u00e9t\u00e9es \u00e0 tout moment, sans pr\u00e9avis, en fonction des modifications apport\u00e9es au\u00a0Service, de l&rsquo;\u00e9volution de la l\u00e9gislation ou pour tout autre motif jug\u00e9 n\u00e9cessaire. L&rsquo;usager en est sp\u00e9cifiquement inform\u00e9 avant chaque nouvelle utilisation du\u00a0Service et son acceptation est d\u00fbment demand\u00e9e. Seule la version actualis\u00e9e accessible en ligne des conditions d&rsquo;utilisation est r\u00e9put\u00e9e en vigueur.<\/p>\n<!-- \/wp:paragraph -->\t\t\t\t\t\t\t\t<\/div>\n\t\t\t\t<div class=\"elementor-element elementor-element-b0d2ce1 elementor-widget elementor-widget-heading\" data-id=\"b0d2ce1\" data-element_type=\"widget\" data-e-type=\"widget\" data-widget_type=\"heading.default\">\n\t\t\t\t\t<h2 class=\"elementor-heading-title elementor-size-default\">Protection des donn\u00e9es \u00e0 caract\u00e8re personnel<\/h2>\t\t\t\t<\/div>\n\t\t\t\t<div class=\"elementor-element elementor-element-e7942d7 elementor-widget elementor-widget-text-editor\" data-id=\"e7942d7\" data-element_type=\"widget\" data-e-type=\"widget\" data-widget_type=\"text-editor.default\">\n\t\t\t\t\t\t\t\t\t<!-- wp:heading {\"level\":1} --><!-- \/wp:paragraph --><!-- wp:heading --><!-- \/wp:heading --><!-- wp:paragraph --><!-- \/wp:paragraph --><!-- wp:heading --><!-- \/wp:heading --><!-- wp:paragraph --><!-- \/wp:paragraph --><!-- wp:heading --><!-- \/wp:heading --><!-- wp:paragraph -->\n<p>Les donn\u00e9es \u00e0 caract\u00e8re personnel communiqu\u00e9es par l&rsquo;usager sont trait\u00e9es en conformit\u00e9 avec le r\u00e8glement (UE) 2016\/679 du Parlement europ\u00e9en et du Conseil du 27 avril 2016 relatif \u00e0 la protection des personnes physiques \u00e0 l&rsquo;\u00e9gard du traitement des donn\u00e9es \u00e0 caract\u00e8re personnel et \u00e0 la libre circulation des donn\u00e9es.<\/p>\n<p><!-- \/wp:paragraph --><!-- wp:paragraph --><\/p>\n<p>Des mesures de s\u00e9curit\u00e9 techniques et organisationnelles sont mises en place par\u00a0la Soci\u00e9t\u00e9\u00a0afin de garantir un niveau appropri\u00e9 de confidentialit\u00e9, d&rsquo;int\u00e9grit\u00e9, de disponibilit\u00e9 et de r\u00e9silience des services offerts via\u00a0le\u00a0Siteainsi que d&rsquo;assurer la protection des droits et libert\u00e9s de l&rsquo;usager selon les standards de l&rsquo;industrie. Seuls les usagers et les utilisateurs autoris\u00e9s peuvent acc\u00e9der aux donn\u00e9es \u00e0 caract\u00e8re personnel et ce, pour des motifs l\u00e9gitimes. Sauf stipulation contraire pr\u00e9vue dans les pr\u00e9sentes CGU, les donn\u00e9es de l&rsquo;usager sont stock\u00e9es\u00a0dans des pays ad\u00e9quats.<\/p>\n<p><!-- \/wp:paragraph --><!-- wp:paragraph --><\/p>\n<p>L&rsquo;usager dispose des droits d&rsquo;acc\u00e8s, de rectification et d&rsquo;effacement de donn\u00e9es qui le concernent. Ces droits sont exer\u00e7ables aupr\u00e8s du responsable du traitement concern\u00e9. Ces droits s&rsquo;exercent, le cas \u00e9ch\u00e9ant, via les fonctionnalit\u00e9s existantes dans\u00a0le\u00a0Site.<\/p>\n<p><!-- \/wp:paragraph --><!-- wp:paragraph --><\/p>\n<p>Si un souci technique emp\u00eache l&rsquo;utilisation de ces fonctionnalit\u00e9s, l&rsquo;utilisateur peut s&rsquo;adresser\u00a0\u00e0 la Soci\u00e9t\u00e9.<\/p>\n<p><!-- \/wp:paragraph --><!-- wp:paragraph --><\/p>\n<p>Dans le cas o\u00f9\u00a0la Soci\u00e9t\u00e9\u00a0est responsable du traitement, l&rsquo;utilisateur peut adresser sa demande par courrier \u00e0 l&rsquo;adresse suivante :\u00a0info@omnitrust.lu<\/p>\n<p><!-- \/wp:paragraph --><!-- wp:paragraph --><\/p>\n<p>L&rsquo;usager dispose \u00e9galement des droits de limitation du traitement, d&rsquo;opposition au traitement, de retrait du consentement et de portabilit\u00e9 qui sont exer\u00e7ables directement aupr\u00e8s des responsables des traitements.<\/p>\n<p><!-- \/wp:paragraph --><!-- wp:paragraph --><\/p>\n<p>L&rsquo;usager peut adresser des r\u00e9clamations relatives \u00e0 la protection des donn\u00e9es le concernant via les canaux de communication respectifs mis \u00e0 disposition ainsi qu&rsquo;aupr\u00e8s du responsable du traitement concern\u00e9 par sa demande et\/ou d\u00e9marche. L&rsquo;usager peut, par ailleurs, d\u00e9poser sa r\u00e9clamation aupr\u00e8s du d\u00e9l\u00e9gu\u00e9 \u00e0 la protection des donn\u00e9es\u00a0de la Soci\u00e9t\u00e9\u00a0via\u00a0info@omnitrust.lu. L&rsquo;usager peut, en outre, s&rsquo;adresser \u00e0 la Commission Nationale pour la Protection des Donn\u00e9es pour tout litige dans ce domaine.<\/p>\n<p><!-- \/wp:paragraph --><!-- wp:paragraph --><\/p>\n<p>La politique de protection des donn\u00e9es d\u00e9taill\u00e9e de la Soci\u00e9t\u00e9 est disponible sur son site web.<\/p>\n<!-- \/wp:paragraph -->\t\t\t\t\t\t\t\t<\/div>\n\t\t\t\t<div class=\"elementor-element elementor-element-b231575 elementor-widget elementor-widget-heading\" data-id=\"b231575\" data-element_type=\"widget\" data-e-type=\"widget\" data-widget_type=\"heading.default\">\n\t\t\t\t\t<h2 class=\"elementor-heading-title elementor-size-default\">Traitements li\u00e9s aux journaux d'\u00e9v\u00e8nements<\/h2>\t\t\t\t<\/div>\n\t\t\t\t<div class=\"elementor-element elementor-element-780241b elementor-widget elementor-widget-text-editor\" data-id=\"780241b\" data-element_type=\"widget\" data-e-type=\"widget\" data-widget_type=\"text-editor.default\">\n\t\t\t\t\t\t\t\t\t<!-- wp:heading {\"level\":1} --><!-- \/wp:paragraph --><!-- wp:heading --><!-- \/wp:heading --><!-- wp:paragraph --><!-- \/wp:paragraph --><!-- wp:heading --><!-- \/wp:heading --><!-- wp:paragraph --><!-- \/wp:paragraph --><!-- wp:heading --><!-- \/wp:heading --><!-- wp:paragraph -->\n<p>L&rsquo;usager consent \u00e0 ce que des donn\u00e9es relatives \u00e0 son activit\u00e9 sur\u00a0le\u00a0Site\u00a0(identifiant, d\u00e9marche ou fonctionnalit\u00e9 utilis\u00e9e, date et heure, param\u00e8tres) soient conserv\u00e9es et dans le but de permettre la mise \u00e0 disposition de ces donn\u00e9es aux responsables des traitements respectifs ou aux autorit\u00e9s judiciaires dans les cas limitatifs suivants :<\/p>\n<p><!-- \/wp:paragraph --><!-- wp:paragraph --><\/p>\n<p>\u2022\u00a0De\u00a0r\u00e9solution d&rsquo;incident de s\u00e9curit\u00e9 de l&rsquo;information dans l&rsquo;int\u00e9r\u00eat l\u00e9gitime de garantir la s\u00e9curit\u00e9 de\u00a0du\u00a0Site\u00a0;<\/p>\n<p><!-- \/wp:paragraph --><!-- wp:paragraph --><\/p>\n<p>\u2022\u00a0De\u00a0la constatation, de l&rsquo;exercice ou de la d\u00e9fense d&rsquo;un droit en justice, dans le cadre d&rsquo;une proc\u00e9dure judiciaire, administrative ou extrajudiciaire en relation avec la d\u00e9marche audit\u00e9e.<\/p>\n<p><!-- \/wp:paragraph --><!-- wp:paragraph --><\/p>\n<p>Le responsable du traitement d\u00e9pend de la fonctionnalit\u00e9 audit\u00e9e. Seul ce responsable du traitement a acc\u00e8s aux donn\u00e9es audit\u00e9es.<\/p>\n<p><!-- \/wp:paragraph --><!-- wp:paragraph --><\/p>\n<p>L&rsquo;usager est inform\u00e9 que la confidentialit\u00e9 de ces donn\u00e9es est assur\u00e9e selon les standards les plus \u00e9lev\u00e9s et que les extractions de telles donn\u00e9es ne sont possibles que sur demande expresse des responsables de traitements ou des autorit\u00e9s judiciaires et ce, sur demande motiv\u00e9e.<\/p>\n<!-- \/wp:paragraph -->\t\t\t\t\t\t\t\t<\/div>\n\t\t\t\t<div class=\"elementor-element elementor-element-c431c7a elementor-widget elementor-widget-heading\" data-id=\"c431c7a\" data-element_type=\"widget\" data-e-type=\"widget\" data-widget_type=\"heading.default\">\n\t\t\t\t\t<h2 class=\"elementor-heading-title elementor-size-default\">Traitements li\u00e9s \u00e0 la gestion\u00a0de la\u00a0newsletter\u00a0<\/h2>\t\t\t\t<\/div>\n\t\t\t\t<div class=\"elementor-element elementor-element-ef2f2e4 elementor-widget elementor-widget-text-editor\" data-id=\"ef2f2e4\" data-element_type=\"widget\" data-e-type=\"widget\" data-widget_type=\"text-editor.default\">\n\t\t\t\t\t\t\t\t\t<!-- wp:heading {\"level\":1} --><!-- \/wp:paragraph --><!-- wp:heading --><!-- \/wp:heading --><!-- wp:paragraph --><!-- \/wp:paragraph --><!-- wp:heading --><!-- \/wp:heading --><!-- wp:paragraph --><!-- \/wp:paragraph --><!-- wp:heading --><!-- \/wp:heading --><!-- wp:paragraph -->\n<p>L&rsquo;adresse e-mail saisie lors de l&rsquo;abonnement \u00e0\u00a0une\u00a0newsletter de ce\u00a0Site sera communiqu\u00e9e aux seules fins de distribution de la newsletter \u00e0 un sous-traitant, notamment la soci\u00e9t\u00e9\u00a0[Mailjet\u00a0\u00bb \u00e9tablie \u00e0 Paris,\u00a0France]\u00a0qui est soumise aux m\u00eames obligations l\u00e9gales concernant la protection de donn\u00e9es \u00e0 caract\u00e8re personnel. Pour limiter les abus, l&rsquo;usager doit valider son inscription en cliquant sur un lien envoy\u00e9 \u00e0 l&rsquo;adresse e-mail donn\u00e9e.<\/p>\n<p><!-- \/wp:paragraph --><!-- wp:paragraph --><\/p>\n<p>L&rsquo;usager peut, \u00e0 tout moment, se d\u00e9sinscrire via un lien fourni dans chaque e-mail ou en contactant le\u00a0Site. En cas de probl\u00e8me d&rsquo;utilisation concernant la newsletter, l&rsquo;usager doit \u00e9galement contacter le\u00a0Site. La dur\u00e9e de conservation des donn\u00e9es de l&rsquo;usager n&rsquo;exc\u00e8de pas celle de son inscription.<\/p>\n<p><!-- \/wp:paragraph --><!-- wp:paragraph --><\/p>\n<p>Le responsable de ces traitements est\u00a0la Soci\u00e9t\u00e9.<\/p>\n<p><!-- \/wp:paragraph --><!-- wp:paragraph --><\/p>\n<p>Traitements\u00a0le Site\u00a0li\u00e9s \u00e0 la mesure d&rsquo;audience<\/p>\n<p><!-- \/wp:paragraph --><!-- wp:paragraph --><\/p>\n<p>Certaines donn\u00e9es relatives aux mat\u00e9riel et logiciel de l&rsquo;usager qui ne sont pas de nature \u00e0 l&rsquo;identifier sont collect\u00e9es lors de sa visite sur le\u00a0Site. Cette collecte a pour seule finalit\u00e9 de disposer de statistiques de fr\u00e9quentation (type de navigateur, r\u00e9solution, localisation approximative, etc.) afin de servir au mieux les usagers.\u00a0L&rsquo;adresse IP compl\u00e8te de l&rsquo;usager n&rsquo;est\u00a0pas\u00a0conserv\u00e9e.<\/p>\n<p><!-- \/wp:paragraph --><!-- wp:paragraph --><\/p>\n<p>Ces donn\u00e9es sont conserv\u00e9es dans une solution fournie par\u00a0Google Analytics\u00a0soumis\u00a0aux m\u00eames obligations l\u00e9gales concernant la protection des donn\u00e9es personnelles.<\/p>\n<p><!-- \/wp:paragraph --><!-- wp:paragraph --><\/p>\n<p>La dur\u00e9e de conservation de donn\u00e9es n&rsquo;exc\u00e8de pas celle n\u00e9cessaire pour observer l&rsquo;\u00e9volution des audiences en fonction de l&rsquo;\u00e9volution des navigateurs, r\u00e9solutions utilis\u00e9es, ou autres donn\u00e9es statistiques disponibles.<\/p>\n<!-- \/wp:paragraph -->\t\t\t\t\t\t\t\t<\/div>\n\t\t\t\t<div class=\"elementor-element elementor-element-6a4c17c elementor-widget elementor-widget-heading\" data-id=\"6a4c17c\" data-element_type=\"widget\" data-e-type=\"widget\" data-widget_type=\"heading.default\">\n\t\t\t\t\t<h2 class=\"elementor-heading-title elementor-size-default\">Pr\u00e9sence sur les r\u00e9seaux sociaux<\/h2>\t\t\t\t<\/div>\n\t\t\t\t<div class=\"elementor-element elementor-element-df096d3 elementor-widget elementor-widget-heading\" data-id=\"df096d3\" data-element_type=\"widget\" data-e-type=\"widget\" data-widget_type=\"heading.default\">\n\t\t\t\t\t<h3 class=\"elementor-heading-title elementor-size-default\">Politique de mod\u00e9ration<\/h3>\t\t\t\t<\/div>\n\t\t\t\t<div class=\"elementor-element elementor-element-4231835 elementor-widget elementor-widget-text-editor\" data-id=\"4231835\" data-element_type=\"widget\" data-e-type=\"widget\" data-widget_type=\"text-editor.default\">\n\t\t\t\t\t\t\t\t\t<!-- wp:heading {\"level\":1} --><!-- \/wp:paragraph --><!-- wp:heading --><!-- \/wp:heading --><!-- wp:paragraph --><!-- \/wp:paragraph --><!-- wp:heading --><!-- \/wp:heading --><!-- wp:paragraph --><!-- \/wp:paragraph --><!-- wp:heading --><!-- \/wp:heading --><!-- wp:paragraph --><!-- \/wp:paragraph --><!-- wp:heading --><!-- \/wp:heading --><!-- wp:paragraph --><!-- \/wp:paragraph --><!-- wp:heading --><!-- \/wp:heading --><!-- wp:paragraph --><!-- \/wp:paragraph --><!-- wp:heading --><!-- \/wp:heading --><!-- wp:paragraph --><!-- \/wp:paragraph --><!-- wp:heading --><!-- \/wp:heading --><!-- wp:paragraph --><!-- \/wp:paragraph --><!-- wp:heading --><!-- \/wp:heading --><!-- wp:heading {\"level\":3} -->\n<p>Tout utilisateur qui rejoint la communaut\u00e9\u00a0du\u00a0Site\u00a0sur les r\u00e9seaux sociaux s&rsquo;engage \u00e0 faire abstraction de toute forme de discrimination li\u00e9e \u00e0 la race, la couleur, la religion, le sexe, l&rsquo;orientation sexuelle, l&rsquo;\u00e2ge, l&rsquo;origine nationale, le handicap ou le statut professionnel\u00a0ou matrimonial.<\/p>\n<!-- \/wp:paragraph --><!-- wp:paragraph -->\n<p>Les propos injurieux, racistes, sexistes ou offensants n&rsquo;ont pas leur place sur les r\u00e9seaux sociaux. Ils seront supprim\u00e9s et signal\u00e9s.<\/p>\n<!-- \/wp:paragraph --><!-- wp:paragraph -->\n<p>Les comptes\u00a0de la Soci\u00e9t\u00e9\u00a0sur les r\u00e9seaux sociaux ont pour objectif principal de relayer les informations et contenus publi\u00e9s sur\u00a0le Site.\u00a0Ils\u00a0n&rsquo;ont pas vocation \u00e0 traiter les demandes, questions et commentaires qui contiennent des donn\u00e9es \u00e0 caract\u00e8re personnel tels que noms, pr\u00e9noms, num\u00e9ro d&rsquo;identification national,\u00a0dates de naissance, num\u00e9ro de t\u00e9l\u00e9phone, adresse email, ou des pi\u00e8ces jointes ou scans de documents qui contiennent des donn\u00e9es \u00e0 caract\u00e8re personnel.<\/p>\n<!-- \/wp:paragraph --><!-- wp:paragraph -->\n<p>Pour de telles demandes, questions ou commentaires, les utilisateurs de la communaut\u00e9\u00a0du Site\u00a0doivent utiliser le formulaire de contact disponible sur\u00a0le Site.<\/p>\n<!-- \/wp:paragraph --><!-- wp:paragraph -->\n<p>Les demandes, questions ou commentaires contenant des donn\u00e9es \u00e0 caract\u00e8re personnel (l&rsquo;identifiant du compte de la personne sur ce r\u00e9seau social n&rsquo;\u00e9tant g\u00e9n\u00e9ralement pas pris en compte) faits sur les comptes du\u00a0Site\u00a0sur les r\u00e9seaux sociaux ne seront pas trait\u00e9s et seront, dans la mesure du possible, supprim\u00e9s.<\/p>\n<!-- \/wp:paragraph --><!-- wp:paragraph -->\n<p>Les applications Facebook, Twitter,\u00a0LinkedIn\u00a0et autres\u00a0de la Soci\u00e9t\u00e9\u00a0sont,\u00a0en principe,\u00a0surveill\u00e9es du lundi au vendredi, entre 08.00 et 18.00 heures. En dehors de ces heures, ainsi que durant les week-ends et jours f\u00e9ri\u00e9s, l&rsquo;administration des pages n&rsquo;est pas assur\u00e9e de fa\u00e7on continue.<\/p>\n<!-- \/wp:paragraph -->\t\t\t\t\t\t\t\t<\/div>\n\t\t\t\t\t<\/div>\n\t\t\t\t<\/div>\n\t\t\t\t<\/div>\n\t\t","protected":false},"excerpt":{"rendered":"<p>Conditions g\u00e9n\u00e9rales d&rsquo;utilisation (CGU) du site Toute personne faisant usage des informations, documents, produits, logiciels et divers services (collectivement les\u00a0\u00ab\u00a0Services\u00a0\u00bb) propos\u00e9s par le\u00a0Site\u00a0est r\u00e9put\u00e9e avoir pris connaissance et accept\u00e9 l&rsquo;int\u00e9gralit\u00e9 des termes et mentions des pr\u00e9sentes conditions g\u00e9n\u00e9rales d&rsquo;utilisation. D\u00e9finitions&nbsp;et objet&nbsp; www.omnitrust.lu\u00a0(ci-apr\u00e8s d\u00e9nomm\u00e9 \u00ab\u00a0Site\u00a0\u00bb)\u00a0est un site Internet mis en \u0153uvre par\u00a0la soci\u00e9t\u00e9\u00a0Ominitrust\u00a0(ci-apr\u00e8s d\u00e9nomm\u00e9e\u00a0la\u00a0\u00ab\u00a0Soci\u00e9t\u00e9\u00a0\u00bb) dans le [&hellip;]<\/p>\n","protected":false},"author":3,"featured_media":0,"parent":0,"menu_order":0,"comment_status":"closed","ping_status":"closed","template":"","meta":{"_acf_changed":false,"footnotes":""},"class_list":["post-668","page","type-page","status-publish","hentry"],"acf":[],"_links":{"self":[{"href":"https:\/\/www.omnitrust.lu\/fr\/wp-json\/wp\/v2\/pages\/668","targetHints":{"allow":["GET"]}}],"collection":[{"href":"https:\/\/www.omnitrust.lu\/fr\/wp-json\/wp\/v2\/pages"}],"about":[{"href":"https:\/\/www.omnitrust.lu\/fr\/wp-json\/wp\/v2\/types\/page"}],"author":[{"embeddable":true,"href":"https:\/\/www.omnitrust.lu\/fr\/wp-json\/wp\/v2\/users\/3"}],"replies":[{"embeddable":true,"href":"https:\/\/www.omnitrust.lu\/fr\/wp-json\/wp\/v2\/comments?post=668"}],"version-history":[{"count":16,"href":"https:\/\/www.omnitrust.lu\/fr\/wp-json\/wp\/v2\/pages\/668\/revisions"}],"predecessor-version":[{"id":2506,"href":"https:\/\/www.omnitrust.lu\/fr\/wp-json\/wp\/v2\/pages\/668\/revisions\/2506"}],"wp:attachment":[{"href":"https:\/\/www.omnitrust.lu\/fr\/wp-json\/wp\/v2\/media?parent=668"}],"curies":[{"name":"wp","href":"https:\/\/api.w.org\/{rel}","templated":true}]}}